{"id":3369,"date":"2023-07-07T01:18:11","date_gmt":"2023-07-07T01:18:11","guid":{"rendered":"https:\/\/santiagoamayaquimbayo.com\/?post_type=harington_portfolio&#038;p=3369"},"modified":"2026-08-06T23:55:47","modified_gmt":"2026-08-06T23:55:47","slug":"villafest-festival","status":"publish","type":"harington_portfolio","link":"https:\/\/santiagoamayaquimbayo.com\/?harington_portfolio=villafest-festival","title":{"rendered":"VILLAFEST Festival"},"content":{"rendered":"<div class=\"wp-block-harington-gutenberg-container content-row light-section full row_padding_top row_padding_bottom row_padding_left row_padding_right\" data-bgcolor=\"#c4ffad\" style=\"text-align:left\"><div class=\"marquee-text-wrapper \"><h1 class=\"marquee-text big-title fw\">Festival de m\u00fasica emergente<\/h1><\/div>\n\n<div class=\"wp-block-harington-gutenberg-left-pinned-section pinned-section\"><div class=\"wp-block-harington-gutenberg-pinned-element pinned-element left\"><h6>Dise\u00f1o para<br>\nDiego Yara<br>\nEl Mar Records<\/h6><\/div>\n\n<div class=\"wp-block-harington-gutenberg-scrolling-element scrolling-element right\"><h4 class=\"has-mask\">M\u00fasica y cultura en Villa de Leyva, Colombia<\/h4>\n\n<p class=\"has-animation\" data-delay=\"0\">VILLAFEST 2020 un festival al aire libre que presenta artistas de m\u00fasica emergente en la m\u00edtica Villa de Leyva en Boyac\u00e1, Colombia. El p\u00f3ster del festival intenta representar ese algo m\u00e1gico de las amonitas que apuntan a las estrellas, en medio de la noche, el escenario perfecto de la m\u00fasica.<\/p><\/div><\/div><\/div><div class=\"wp-block-harington-gutenberg-container content-row light-section small row_padding_top row_padding_bottom row_padding_left row_padding_right\" data-bgcolor=\"#c4ffad\" style=\"text-align:left\"><p><\/p>\n\n<div class=\"wp-block-harington-gutenberg-moving-gallery moving-gallery fw-gallery\"><ul class=\"wrapper-gallery\"><li><img decoding=\"async\" src=\"https:\/\/santiagoamayaquimbayo.com\/wp-content\/uploads\/2023\/07\/LIMON-Monokike.jpg\" alt=\"\" \/><\/li>\n\n<li><img decoding=\"async\" src=\"https:\/\/santiagoamayaquimbayo.com\/wp-content\/uploads\/2023\/07\/MORA-KoraKaruna.jpg\" alt=\"\" \/><\/li>\n\n<li><img decoding=\"async\" src=\"https:\/\/santiagoamayaquimbayo.com\/wp-content\/uploads\/2023\/07\/LIMON-Catalina-avila.jpg\" alt=\"\" \/><\/li>\n\n<li><img decoding=\"async\" src=\"https:\/\/santiagoamayaquimbayo.com\/wp-content\/uploads\/2023\/07\/MORA-LaLegion.jpg\" alt=\"\" \/><\/li>\n\n<li><img decoding=\"async\" src=\"https:\/\/santiagoamayaquimbayo.com\/wp-content\/uploads\/2023\/07\/LIMON-EUFONi\u0301A.jpg\" alt=\"\" \/><\/li>\n\n<li><img decoding=\"async\" src=\"https:\/\/santiagoamayaquimbayo.com\/wp-content\/uploads\/2023\/07\/MORA-Malalma.jpg\" alt=\"\" \/><\/li>\n\n<li><img decoding=\"async\" src=\"https:\/\/santiagoamayaquimbayo.com\/wp-content\/uploads\/2023\/07\/LIMON-Frailejon.jpg\" alt=\"\" \/><\/li>\n\n<li><img decoding=\"async\" src=\"https:\/\/santiagoamayaquimbayo.com\/wp-content\/uploads\/2023\/07\/MORA-MITU.jpg\" alt=\"\" \/><\/li>\n\n<li><img decoding=\"async\" src=\"https:\/\/santiagoamayaquimbayo.com\/wp-content\/uploads\/2023\/07\/LIMON-GO.jpg\" alt=\"\" \/><\/li><\/ul><\/div>\n\n<div class=\"wp-block-harington-gutenberg-moving-gallery moving-gallery bw-gallery\"><ul class=\"wrapper-gallery\"><li><img decoding=\"async\" src=\"https:\/\/santiagoamayaquimbayo.com\/wp-content\/uploads\/2023\/07\/MORA-NicolasFatCat.jpg\" alt=\"\" \/><\/li>\n\n<li><img decoding=\"async\" src=\"https:\/\/santiagoamayaquimbayo.com\/wp-content\/uploads\/2023\/07\/LIMON-JonahloDJset.jpg\" alt=\"\" \/><\/li>\n\n<li><img decoding=\"async\" src=\"https:\/\/santiagoamayaquimbayo.com\/wp-content\/uploads\/2023\/07\/MORA-PernettSoundSystem.jpg\" alt=\"\" \/><\/li>\n\n<li><img decoding=\"async\" src=\"https:\/\/santiagoamayaquimbayo.com\/wp-content\/uploads\/2023\/07\/LIMON-Locotina.jpg\" alt=\"\" \/><\/li>\n\n<li><img decoding=\"async\" src=\"https:\/\/santiagoamayaquimbayo.com\/wp-content\/uploads\/2023\/07\/MORA-RadioBembeOrquesta.jpg\" alt=\"\" \/><\/li>\n\n<li><img decoding=\"async\" src=\"https:\/\/santiagoamayaquimbayo.com\/wp-content\/uploads\/2023\/07\/LIMON-Lucas-Hill.jpg\" alt=\"\" \/><\/li>\n\n<li><img decoding=\"async\" src=\"https:\/\/santiagoamayaquimbayo.com\/wp-content\/uploads\/2023\/07\/MORA-sonora-Mazuren.jpg\" alt=\"\" \/><\/li>\n\n<li><img decoding=\"async\" src=\"https:\/\/santiagoamayaquimbayo.com\/wp-content\/uploads\/2023\/07\/LIMON-MABILAND.jpg\" alt=\"\" \/><\/li><\/ul><\/div><\/div><div class=\"wp-block-harington-gutenberg-container content-row light-section normal\" data-bgcolor=\"#c4ffad\" style=\"text-align:left\"><div class=\"wp-block-columns is-layout-flex wp-container-core-columns-is-layout-1 wp-block-columns-is-layout-flex\"><div class=\"wp-block-column is-layout-flow wp-block-column-is-layout-flow\" style=\"flex-basis:33.33%\"><div class=\"vertical-parallax\" data-startparallax=\"0.3\" data-endparallax=\"-0.1\"><figure class=\"has-animation \" data-delay=\"0\"><a class=\"image-link\" href=\"https:\/\/santiagoamayaquimbayo.com\/wp-content\/uploads\/2023\/07\/Villafest-Poster4.png\"><img decoding=\"async\" src=\"https:\/\/santiagoamayaquimbayo.com\/wp-content\/uploads\/2023\/07\/Villafest-Poster4-1.png\" alt=\"\" \/><\/a><figcaption><\/figcaption><\/figure><\/div><\/div>\n\n<div class=\"wp-block-column is-layout-flow wp-block-column-is-layout-flow\" style=\"flex-basis:66.66%\"><\/div><\/div>\n\n<hr>\n\n<div class=\"wp-block-columns is-layout-flex wp-container-core-columns-is-layout-2 wp-block-columns-is-layout-flex\"><div class=\"wp-block-column is-layout-flow wp-block-column-is-layout-flow\" style=\"flex-basis:33.33%\"><\/div>\n\n<div class=\"wp-block-column is-layout-flow wp-block-column-is-layout-flow\" style=\"flex-basis:66.66%\"><div class=\"vertical-parallax\" data-startparallax=\"-0.3\" data-endparallax=\"0.1\"><figure class=\"has-animation has-cover \" data-delay=\"0\"><a class=\"image-link\" href=\"https:\/\/santiagoamayaquimbayo.com\/wp-content\/uploads\/2023\/07\/Villafest-hoodie.jpg\"><img decoding=\"async\" src=\"https:\/\/santiagoamayaquimbayo.com\/wp-content\/uploads\/2023\/07\/Villafest-hoodie.jpg\" alt=\"\" \/><\/a><figcaption><\/figcaption><\/figure><\/div><\/div><\/div>\n\n<hr>\n\n<div class=\"wp-block-columns is-layout-flex wp-container-core-columns-is-layout-3 wp-block-columns-is-layout-flex\"><div class=\"wp-block-column is-layout-flow wp-block-column-is-layout-flow\" style=\"flex-basis:33.33%\"><div class=\"vertical-parallax\" data-startparallax=\"-0.3\" data-endparallax=\"-0.1\"><figure class=\" \"><a class=\"image-link\" href=\"https:\/\/santiagoamayaquimbayo.com\/wp-content\/uploads\/2023\/07\/Villafest-pin.png\"><img decoding=\"async\" src=\"https:\/\/santiagoamayaquimbayo.com\/wp-content\/uploads\/2023\/07\/Villafest-pin.png\" alt=\"\" \/><\/a><figcaption><\/figcaption><\/figure><\/div><\/div>\n\n<div class=\"wp-block-column is-layout-flow wp-block-column-is-layout-flow\" style=\"flex-basis:66.66%\"><\/div><\/div>\n\n<hr>\n\n<div class=\"wp-block-columns is-layout-flex wp-container-core-columns-is-layout-4 wp-block-columns-is-layout-flex\"><div class=\"wp-block-column is-layout-flow wp-block-column-is-layout-flow\" style=\"flex-basis:33.33%\"><\/div>\n\n<div class=\"wp-block-column is-layout-flow wp-block-column-is-layout-flow\" style=\"flex-basis:66.66%\"><div class=\"vertical-parallax\" data-startparallax=\"-0.3\" data-endparallax=\"-0.1\"><figure class=\"has-animation has-cover \" data-delay=\"0\"><a class=\"image-link\" href=\"https:\/\/santiagoamayaquimbayo.com\/wp-content\/uploads\/2023\/07\/Villafest-Poster2.png\"><img decoding=\"async\" src=\"https:\/\/santiagoamayaquimbayo.com\/wp-content\/uploads\/2023\/07\/Villafest-Poster2.png\" alt=\"\" \/><\/a><figcaption><\/figcaption><\/figure><\/div><\/div><\/div>\n\n<hr>\n\n<div class=\"wp-block-columns is-layout-flex wp-container-core-columns-is-layout-5 wp-block-columns-is-layout-flex\"><div class=\"wp-block-column is-layout-flow wp-block-column-is-layout-flow\" style=\"flex-basis:66.66%\"><div class=\"vertical-parallax\" data-startparallax=\"0.0\" data-endparallax=\"0.0\"><figure class=\"has-animation has-cover \" data-delay=\"0\"><a class=\"image-link\" href=\"https:\/\/santiagoamayaquimbayo.com\/wp-content\/uploads\/2023\/07\/27b521105139537.5f72a6db6e032.png\"><img decoding=\"async\" src=\"https:\/\/santiagoamayaquimbayo.com\/wp-content\/uploads\/2023\/07\/27b521105139537.5f72a6db6e032.png\" alt=\"\" \/><\/a><figcaption><\/figcaption><\/figure><\/div><\/div>\n\n<div class=\"wp-block-column is-layout-flow wp-block-column-is-layout-flow\" style=\"flex-basis:33.33%\"><\/div><\/div><\/div>","protected":false},"template":"","portfolio_category":[27,35],"class_list":["post-3369","harington_portfolio","type-harington_portfolio","status-publish","hentry","portfolio_category-branding","portfolio_category-ilustracion"],"aioseo_notices":[],"aioseo_head":"\n\t\t<!-- All in One SEO 5.0.0.1 - aioseo.com -->\n\t<meta name=\"description\" content=\"Festival de m\u00fasica emergente Dise\u00f1o para Diego Yara El Mar Records M\u00fasica y cultura en Villa de Leyva, Colombia VILLAFEST 2020 un festival al aire libre que presenta artistas de m\u00fasica emergente en la m\u00edtica Villa de Leyva en Boyac\u00e1, Colombia. El p\u00f3ster del festival intenta representar ese algo m\u00e1gico de las amonitas que apuntan\" \/>\n\t<meta name=\"robots\" content=\"max-image-preview:large\" \/>\n\t<link rel=\"canonical\" href=\"https:\/\/santiagoamayaquimbayo.com\/?harington_portfolio=villafest-festival\" \/>\n\t<meta name=\"generator\" content=\"All in One SEO (AIOSEO) 5.0.0.1\" \/>\n\t\t<meta property=\"og:locale\" content=\"en_US\" \/>\n\t\t<meta property=\"og:site_name\" content=\"Santiago Amaya Quimbayo - Dise\u00f1o\" \/>\n\t\t<meta property=\"og:type\" content=\"article\" \/>\n\t\t<meta property=\"og:title\" content=\"VILLAFEST Festival - Santiago Amaya Quimbayo\" \/>\n\t\t<meta property=\"og:description\" content=\"Festival de m\u00fasica emergente Dise\u00f1o para Diego Yara El Mar Records M\u00fasica y cultura en Villa de Leyva, Colombia VILLAFEST 2020 un festival al aire libre que presenta artistas de m\u00fasica emergente en la m\u00edtica Villa de Leyva en Boyac\u00e1, Colombia. El p\u00f3ster del festival intenta representar ese algo m\u00e1gico de las amonitas que apuntan\" \/>\n\t\t<meta property=\"og:url\" content=\"https:\/\/santiagoamayaquimbayo.com\/?harington_portfolio=villafest-festival\" \/>\n\t\t<meta property=\"og:image\" content=\"https:\/\/santiagoamayaquimbayo.com\/wp-content\/uploads\/2023\/07\/cropped-Santiago-Amaya-Quimbayo-symbol.png\" \/>\n\t\t<meta property=\"og:image:secure_url\" content=\"https:\/\/santiagoamayaquimbayo.com\/wp-content\/uploads\/2023\/07\/cropped-Santiago-Amaya-Quimbayo-symbol.png\" \/>\n\t\t<meta property=\"og:image:width\" content=\"512\" \/>\n\t\t<meta property=\"og:image:height\" content=\"512\" \/>\n\t\t<meta property=\"article:published_time\" content=\"2023-07-07T01:18:11+00:00\" \/>\n\t\t<meta property=\"article:modified_time\" content=\"2026-08-06T23:55:47+00:00\" \/>\n\t\t<meta name=\"twitter:card\" content=\"summary\" \/>\n\t\t<meta name=\"twitter:site\" content=\"@xatografico\" \/>\n\t\t<meta name=\"twitter:title\" content=\"VILLAFEST Festival - Santiago Amaya Quimbayo\" \/>\n\t\t<meta name=\"twitter:description\" content=\"Festival de m\u00fasica emergente Dise\u00f1o para Diego Yara El Mar Records M\u00fasica y cultura en Villa de Leyva, Colombia VILLAFEST 2020 un festival al aire libre que presenta artistas de m\u00fasica emergente en la m\u00edtica Villa de Leyva en Boyac\u00e1, Colombia. El p\u00f3ster del festival intenta representar ese algo m\u00e1gico de las amonitas que apuntan\" \/>\n\t\t<meta name=\"twitter:image\" content=\"https:\/\/santiagoamayaquimbayo.com\/wp-content\/uploads\/2023\/07\/cropped-Santiago-Amaya-Quimbayo-symbol.png\" \/>\n\t\t<script type=\"application\/ld+json\" class=\"aioseo-schema\">\n\t\t\t{\"@context\":\"https:\\\/\\\/schema.org\",\"@graph\":[{\"@type\":\"BreadcrumbList\",\"@id\":\"https:\\\/\\\/santiagoamayaquimbayo.com\\\/?harington_portfolio=villafest-festival#breadcrumblist\",\"itemListElement\":[{\"@type\":\"ListItem\",\"@id\":\"https:\\\/\\\/santiagoamayaquimbayo.com#listItem\",\"position\":1,\"name\":\"Home\",\"item\":\"https:\\\/\\\/santiagoamayaquimbayo.com\",\"nextItem\":{\"@type\":\"ListItem\",\"@id\":\"https:\\\/\\\/santiagoamayaquimbayo.com\\\/?portfolio_category=branding#listItem\",\"name\":\"Branding\"}},{\"@type\":\"ListItem\",\"@id\":\"https:\\\/\\\/santiagoamayaquimbayo.com\\\/?portfolio_category=branding#listItem\",\"position\":2,\"name\":\"Branding\",\"item\":\"https:\\\/\\\/santiagoamayaquimbayo.com\\\/?portfolio_category=branding\",\"nextItem\":{\"@type\":\"ListItem\",\"@id\":\"https:\\\/\\\/santiagoamayaquimbayo.com\\\/?harington_portfolio=villafest-festival#listItem\",\"name\":\"VILLAFEST Festival\"},\"previousItem\":{\"@type\":\"ListItem\",\"@id\":\"https:\\\/\\\/santiagoamayaquimbayo.com#listItem\",\"name\":\"Home\"}},{\"@type\":\"ListItem\",\"@id\":\"https:\\\/\\\/santiagoamayaquimbayo.com\\\/?harington_portfolio=villafest-festival#listItem\",\"position\":3,\"name\":\"VILLAFEST Festival\",\"previousItem\":{\"@type\":\"ListItem\",\"@id\":\"https:\\\/\\\/santiagoamayaquimbayo.com\\\/?portfolio_category=branding#listItem\",\"name\":\"Branding\"}}]},{\"@type\":\"Organization\",\"@id\":\"https:\\\/\\\/santiagoamayaquimbayo.com\\\/#organization\",\"name\":\"Santiago Amaya Quimbayo\",\"description\":\"Dise\\u00f1o\",\"url\":\"https:\\\/\\\/santiagoamayaquimbayo.com\\\/\",\"logo\":{\"@type\":\"ImageObject\",\"url\":\"https:\\\/\\\/santiagoamayaquimbayo.com\\\/wp-content\\\/uploads\\\/2023\\\/07\\\/Logotipo-Santiago-Amaya-Quimbayo-6.png\",\"@id\":\"https:\\\/\\\/santiagoamayaquimbayo.com\\\/?harington_portfolio=villafest-festival\\\/#organizationLogo\",\"width\":1135,\"height\":645,\"caption\":\"Logotipo de Estudio gr\\u00e1fico tropical Santiago Amaya Quimbayo Dise\\u00f1o\"},\"image\":{\"@id\":\"https:\\\/\\\/santiagoamayaquimbayo.com\\\/?harington_portfolio=villafest-festival\\\/#organizationLogo\"},\"sameAs\":[\"https:\\\/\\\/twitter.com\\\/xatografico\",\"https:\\\/\\\/www.instagram.com\\\/xato_uglyness\\\/\",\"https:\\\/\\\/www.linkedin.com\\\/in\\\/xatografico\\\/\"]},{\"@type\":\"WebPage\",\"@id\":\"https:\\\/\\\/santiagoamayaquimbayo.com\\\/?harington_portfolio=villafest-festival#webpage\",\"url\":\"https:\\\/\\\/santiagoamayaquimbayo.com\\\/?harington_portfolio=villafest-festival\",\"name\":\"VILLAFEST Festival - Santiago Amaya Quimbayo\",\"description\":\"Festival de m\\u00fasica emergente Dise\\u00f1o para Diego Yara El Mar Records M\\u00fasica y cultura en Villa de Leyva, Colombia VILLAFEST 2020 un festival al aire libre que presenta artistas de m\\u00fasica emergente en la m\\u00edtica Villa de Leyva en Boyac\\u00e1, Colombia. El p\\u00f3ster del festival intenta representar ese algo m\\u00e1gico de las amonitas que apuntan\",\"inLanguage\":\"en-US\",\"isPartOf\":{\"@id\":\"https:\\\/\\\/santiagoamayaquimbayo.com\\\/#website\"},\"breadcrumb\":{\"@id\":\"https:\\\/\\\/santiagoamayaquimbayo.com\\\/?harington_portfolio=villafest-festival#breadcrumblist\"},\"datePublished\":\"2023-07-07T01:18:11+00:00\",\"dateModified\":\"2026-08-06T23:55:47+00:00\"},{\"@type\":\"WebSite\",\"@id\":\"https:\\\/\\\/santiagoamayaquimbayo.com\\\/#website\",\"url\":\"https:\\\/\\\/santiagoamayaquimbayo.com\\\/\",\"name\":\"Santiago Amaya Quimbayo\",\"description\":\"Dise\\u00f1o\",\"inLanguage\":\"en-US\",\"publisher\":{\"@id\":\"https:\\\/\\\/santiagoamayaquimbayo.com\\\/#organization\"}}]}\n\t\t<\/script>\n\t\t<!-- All in One SEO -->\n\n","aioseo_head_json":{"title":"VILLAFEST Festival - Santiago Amaya Quimbayo","description":"Festival de m\u00fasica emergente Dise\u00f1o para Diego Yara El Mar Records M\u00fasica y cultura en Villa de Leyva, Colombia VILLAFEST 2020 un festival al aire libre que presenta artistas de m\u00fasica emergente en la m\u00edtica Villa de Leyva en Boyac\u00e1, Colombia. El p\u00f3ster del festival intenta representar ese algo m\u00e1gico de las amonitas que apuntan","canonical_url":"https:\/\/santiagoamayaquimbayo.com\/?harington_portfolio=villafest-festival","robots":"max-image-preview:large","keywords":"","webmasterTools":{"miscellaneous":""},"schema":{"@context":"https:\/\/schema.org","@graph":[{"@type":"BreadcrumbList","@id":"https:\/\/santiagoamayaquimbayo.com\/?harington_portfolio=villafest-festival#breadcrumblist","itemListElement":[{"@type":"ListItem","@id":"https:\/\/santiagoamayaquimbayo.com#listItem","position":1,"name":"Home","item":"https:\/\/santiagoamayaquimbayo.com","nextItem":{"@type":"ListItem","@id":"https:\/\/santiagoamayaquimbayo.com\/?portfolio_category=branding#listItem","name":"Branding"}},{"@type":"ListItem","@id":"https:\/\/santiagoamayaquimbayo.com\/?portfolio_category=branding#listItem","position":2,"name":"Branding","item":"https:\/\/santiagoamayaquimbayo.com\/?portfolio_category=branding","nextItem":{"@type":"ListItem","@id":"https:\/\/santiagoamayaquimbayo.com\/?harington_portfolio=villafest-festival#listItem","name":"VILLAFEST Festival"},"previousItem":{"@type":"ListItem","@id":"https:\/\/santiagoamayaquimbayo.com#listItem","name":"Home"}},{"@type":"ListItem","@id":"https:\/\/santiagoamayaquimbayo.com\/?harington_portfolio=villafest-festival#listItem","position":3,"name":"VILLAFEST Festival","previousItem":{"@type":"ListItem","@id":"https:\/\/santiagoamayaquimbayo.com\/?portfolio_category=branding#listItem","name":"Branding"}}]},{"@type":"Organization","@id":"https:\/\/santiagoamayaquimbayo.com\/#organization","name":"Santiago Amaya Quimbayo","description":"Dise\u00f1o","url":"https:\/\/santiagoamayaquimbayo.com\/","logo":{"@type":"ImageObject","url":"https:\/\/santiagoamayaquimbayo.com\/wp-content\/uploads\/2023\/07\/Logotipo-Santiago-Amaya-Quimbayo-6.png","@id":"https:\/\/santiagoamayaquimbayo.com\/?harington_portfolio=villafest-festival\/#organizationLogo","width":1135,"height":645,"caption":"Logotipo de Estudio gr\u00e1fico tropical Santiago Amaya Quimbayo Dise\u00f1o"},"image":{"@id":"https:\/\/santiagoamayaquimbayo.com\/?harington_portfolio=villafest-festival\/#organizationLogo"},"sameAs":["https:\/\/twitter.com\/xatografico","https:\/\/www.instagram.com\/xato_uglyness\/","https:\/\/www.linkedin.com\/in\/xatografico\/"]},{"@type":"WebPage","@id":"https:\/\/santiagoamayaquimbayo.com\/?harington_portfolio=villafest-festival#webpage","url":"https:\/\/santiagoamayaquimbayo.com\/?harington_portfolio=villafest-festival","name":"VILLAFEST Festival - Santiago Amaya Quimbayo","description":"Festival de m\u00fasica emergente Dise\u00f1o para Diego Yara El Mar Records M\u00fasica y cultura en Villa de Leyva, Colombia VILLAFEST 2020 un festival al aire libre que presenta artistas de m\u00fasica emergente en la m\u00edtica Villa de Leyva en Boyac\u00e1, Colombia. El p\u00f3ster del festival intenta representar ese algo m\u00e1gico de las amonitas que apuntan","inLanguage":"en-US","isPartOf":{"@id":"https:\/\/santiagoamayaquimbayo.com\/#website"},"breadcrumb":{"@id":"https:\/\/santiagoamayaquimbayo.com\/?harington_portfolio=villafest-festival#breadcrumblist"},"datePublished":"2023-07-07T01:18:11+00:00","dateModified":"2026-08-06T23:55:47+00:00"},{"@type":"WebSite","@id":"https:\/\/santiagoamayaquimbayo.com\/#website","url":"https:\/\/santiagoamayaquimbayo.com\/","name":"Santiago Amaya Quimbayo","description":"Dise\u00f1o","inLanguage":"en-US","publisher":{"@id":"https:\/\/santiagoamayaquimbayo.com\/#organization"}}]},"og:locale":"en_US","og:site_name":"Santiago Amaya Quimbayo - Dise\u00f1o","og:type":"article","og:title":"VILLAFEST Festival - Santiago Amaya Quimbayo","og:description":"Festival de m\u00fasica emergente Dise\u00f1o para Diego Yara El Mar Records M\u00fasica y cultura en Villa de Leyva, Colombia VILLAFEST 2020 un festival al aire libre que presenta artistas de m\u00fasica emergente en la m\u00edtica Villa de Leyva en Boyac\u00e1, Colombia. El p\u00f3ster del festival intenta representar ese algo m\u00e1gico de las amonitas que apuntan","og:url":"https:\/\/santiagoamayaquimbayo.com\/?harington_portfolio=villafest-festival","og:image":"https:\/\/santiagoamayaquimbayo.com\/wp-content\/uploads\/2023\/07\/cropped-Santiago-Amaya-Quimbayo-symbol.png","og:image:secure_url":"https:\/\/santiagoamayaquimbayo.com\/wp-content\/uploads\/2023\/07\/cropped-Santiago-Amaya-Quimbayo-symbol.png","og:image:width":512,"og:image:height":512,"article:published_time":"2023-07-07T01:18:11+00:00","article:modified_time":"2026-08-06T23:55:47+00:00","twitter:card":"summary","twitter:site":"@xatografico","twitter:title":"VILLAFEST Festival - Santiago Amaya Quimbayo","twitter:description":"Festival de m\u00fasica emergente Dise\u00f1o para Diego Yara El Mar Records M\u00fasica y cultura en Villa de Leyva, Colombia VILLAFEST 2020 un festival al aire libre que presenta artistas de m\u00fasica emergente en la m\u00edtica Villa de Leyva en Boyac\u00e1, Colombia. El p\u00f3ster del festival intenta representar ese algo m\u00e1gico de las amonitas que apuntan","twitter:image":"https:\/\/santiagoamayaquimbayo.com\/wp-content\/uploads\/2023\/07\/cropped-Santiago-Amaya-Quimbayo-symbol.png"},"aioseo_meta_data":{"post_id":"3369","title":"#post_title #separator_sa #site_title","description":"#post_content","keywords":[],"keyphrases":{"focus":[],"additional":[]},"primary_term":null,"canonical_url":null,"og_title":null,"og_description":null,"og_object_type":"default","og_image_type":"default","og_image_url":null,"og_image_width":null,"og_image_height":null,"og_image_custom_url":null,"og_image_custom_fields":null,"og_video":"","og_custom_url":null,"og_article_section":null,"og_article_tags":[],"twitter_use_og":false,"twitter_card":"default","twitter_image_type":"default","twitter_image_url":null,"twitter_image_custom_url":null,"twitter_image_custom_fields":null,"twitter_title":null,"twitter_description":null,"schema":{"blockGraphs":[],"customGraphs":[],"default":{"data":{"Article":[],"Course":[],"Dataset":[],"FAQPage":[],"Movie":[],"Person":[],"Product":[],"ProductReview":[],"Car":[],"Recipe":[],"Service":[],"SoftwareApplication":[],"WebPage":{"id":"#aioseo-web-page-67113ec47dbc7","slug":"web-page","graphName":"WebPage","label":"P\u00e1gina web","properties":{"type":"WebPage","name":"","description":""}}},"graphName":"WebPage","isEnabled":true},"graphs":[]},"schema_type":"default","schema_type_options":"{\"article\":{\"articleType\":\"BlogPosting\"},\"course\":{\"name\":\"\",\"description\":\"\",\"provider\":\"\"},\"faq\":{\"pages\":[]},\"product\":{\"reviews\":[]},\"recipe\":{\"ingredients\":[],\"instructions\":[],\"keywords\":[]},\"software\":{\"reviews\":[],\"operatingSystems\":[]},\"webPage\":{\"webPageType\":\"WebPage\"}}","pillar_content":false,"robots_default":true,"robots_noindex":false,"robots_noarchive":false,"robots_nosnippet":false,"robots_nofollow":false,"robots_noimageindex":false,"robots_noodp":false,"robots_notranslate":false,"robots_max_snippet":"-1","robots_max_videopreview":"-1","robots_max_imagepreview":"large","priority":null,"frequency":"default","local_seo":null,"limit_modified_date":false,"created":"2023-07-07 00:35:12","updated":"2026-08-07 05:32:05","focus_keyword":null,"additional_keywords":null,"truseo_locale":null,"ai":null,"breadcrumb_settings":null,"seo_analyzer_scan_date":null},"aioseo_breadcrumb":"<div class=\"aioseo-breadcrumbs\"><span class=\"aioseo-breadcrumb\">\n\t\t\t<a href=\"https:\/\/santiagoamayaquimbayo.com\" title=\"Home\">Home<\/a>\n\t\t<\/span><span class=\"aioseo-breadcrumb-separator\">&raquo;<\/span><span class=\"aioseo-breadcrumb\">\n\t\t\t<a href=\"https:\/\/santiagoamayaquimbayo.com\/?portfolio_category=branding\" title=\"Branding\">Branding<\/a>\n\t\t<\/span><span class=\"aioseo-breadcrumb-separator\">&raquo;<\/span><span class=\"aioseo-breadcrumb\">\n\t\t\tVILLAFEST Festival\n\t\t<\/span><\/div>","aioseo_breadcrumb_json":[{"label":"Home","link":"https:\/\/santiagoamayaquimbayo.com"},{"label":"Branding","link":"https:\/\/santiagoamayaquimbayo.com\/?portfolio_category=branding"},{"label":"VILLAFEST Festival","link":"https:\/\/santiagoamayaquimbayo.com\/?harington_portfolio=villafest-festival"}],"jetpack_sharing_enabled":true,"_links":{"self":[{"href":"https:\/\/santiagoamayaquimbayo.com\/index.php?rest_route=\/wp\/v2\/harington_portfolio\/3369","targetHints":{"allow":["GET"]}}],"collection":[{"href":"https:\/\/santiagoamayaquimbayo.com\/index.php?rest_route=\/wp\/v2\/harington_portfolio"}],"about":[{"href":"https:\/\/santiagoamayaquimbayo.com\/index.php?rest_route=\/wp\/v2\/types\/harington_portfolio"}],"wp:attachment":[{"href":"https:\/\/santiagoamayaquimbayo.com\/index.php?rest_route=%2Fwp%2Fv2%2Fmedia&parent=3369"}],"wp:term":[{"taxonomy":"portfolio_category","embeddable":true,"href":"https:\/\/santiagoamayaquimbayo.com\/index.php?rest_route=%2Fwp%2Fv2%2Fportfolio_category&post=3369"}],"curies":[{"name":"wp","href":"https:\/\/api.w.org\/{rel}","templated":true}]}}